{"id":1186,"date":"2014-09-11T20:41:19","date_gmt":"2014-09-11T20:41:19","guid":{"rendered":"http:\/\/tiflis.local\/?page_id=1186"},"modified":"2018-11-28T21:17:21","modified_gmt":"2018-11-28T21:17:21","slug":"follow-up-events","status":"publish","type":"page","link":"https:\/\/in-tiflis.de\/en\/follow-up-events\/","title":{"rendered":"Follow-up Events"},"content":{"rendered":"<hr \/>\n<h1>Guest of Honour 2018: Georgia \u2013 Georgien, auf der Frankfurter Buchmesse 10.-14.10.2018<\/h1>\n<p>Unser Buch<br \/>\n<strong>Tiflis. Tbilissi. \u10d7\u10d1\u10d8\u10da\u10d8\u10e1\u10d8 \u2014\u00a0 Leben in einer neuen Zeit<\/strong> sowie das <strong>so-VIELE Heft 46<\/strong><br \/>\nsind dort vertreten im Rahmen von <a href=\"https:\/\/www.buchmesse.de\/en\/visit\/private-visitors\/guest-honour\" target=\"_blank\"><strong>Books on Georgia.<\/strong><\/a><br \/>\nPublishers from all over the world are invited to present their current titles on the Guest of Honour at the international book exhibition \u2018Books on Georgia\u2019 in the guest country pavilion of Frankfurter Buchmesse.<\/p>\n<hr \/>\n<h1>Alltag in Tiflis \u2013 100 Fotografien 2012-2014<br \/>\neine Videopr\u00e4sentation<\/h1>\n<p><a href=\"https:\/\/www.gasteig.de\/veranstaltungen\/multifliscity-eine-stadt-zwischen-gestern-und-morgen.html,v55952\" target=\"_blank\"><img loading=\"lazy\" decoding=\"async\" class=\"alignleft wp-image-1609\" src=\"https:\/\/in-tiflis.de\/wp-content\/uploads\/logo-multifliscity-300x120.jpg\" sizes=\"(max-width: 244px) 100vw, 244px\" srcset=\"https:\/\/in-tiflis.de\/wp-content\/uploads\/logo-multifliscity-300x120.jpg 300w, https:\/\/in-tiflis.de\/wp-content\/uploads\/logo-multifliscity-768x307.jpg 768w, https:\/\/in-tiflis.de\/wp-content\/uploads\/logo-multifliscity-1024x410.jpg 1024w, https:\/\/in-tiflis.de\/wp-content\/uploads\/logo-multifliscity-624x250.jpg 624w, https:\/\/in-tiflis.de\/wp-content\/uploads\/logo-multifliscity.jpg 1280w\" alt=\"logo multifliscity\" width=\"244\" height=\"97\" \/><\/a>Ein Beitrag zu mulTiflisCITY \u2013 eine Stadt zwischen gestern und morgen. <strong>04. \u2013 06. Oktober 2018<\/strong><br \/>\nim Kulturzentrum Gasteig, Foyer Carl-Orff-Saal,<br \/>\nEintritt frei<br \/>\nDas <strong>\u00bbMulTiflisCITY\u00ab<\/strong> genannte Projekt versucht, die Kontraste des modernen Tiflis in unterschiedlichen Veranstaltungen zu pr\u00e4sentieren. Dazu werden Teilnehmer aus verschiedenen Schichten der Gesellschaft zusammengebracht: professionelle georgische und deutsche K\u00fcnstler und Amateure, Kinder, Jugendliche und Studierende, mit Ausstellungen zu Tiflis zwischen gestern und morgen<\/p>\n<hr \/>\n<h1><b>Tiflis \u2013 Recalling the Past<\/b><\/h1>\n<div class=\"entry-content\">\n<h3><img loading=\"lazy\" decoding=\"async\" class=\"alignleft wp-image-1602\" src=\"https:\/\/in-tiflis.de\/wp-content\/uploads\/Atelier_Soldina_Fuhr_Tiflis8-300x200.jpg\" sizes=\"(max-width: 290px) 100vw, 290px\" srcset=\"https:\/\/in-tiflis.de\/wp-content\/uploads\/Atelier_Soldina_Fuhr_Tiflis8-300x200.jpg 300w, https:\/\/in-tiflis.de\/wp-content\/uploads\/Atelier_Soldina_Fuhr_Tiflis8-768x512.jpg 768w, https:\/\/in-tiflis.de\/wp-content\/uploads\/Atelier_Soldina_Fuhr_Tiflis8-1024x683.jpg 1024w, https:\/\/in-tiflis.de\/wp-content\/uploads\/Atelier_Soldina_Fuhr_Tiflis8-624x416.jpg 624w, https:\/\/in-tiflis.de\/wp-content\/uploads\/Atelier_Soldina_Fuhr_Tiflis8.jpg 1500w\" alt=\"Atelier_Soldina_Fuhr_Tiflis8\" width=\"338\" height=\"225\" \/><\/h3>\n<\/div>\n<p><strong>Au<\/strong><img loading=\"lazy\" decoding=\"async\" class=\"alignleft wp-image-1578\" src=\"https:\/\/in-tiflis.de\/wp-content\/uploads\/Atelier_Soldina_Fuhr_Tiflis2-300x200.jpg\" sizes=\"(max-width: 337px) 100vw, 337px\" srcset=\"https:\/\/in-tiflis.de\/wp-content\/uploads\/Atelier_Soldina_Fuhr_Tiflis2-300x200.jpg 300w, https:\/\/in-tiflis.de\/wp-content\/uploads\/Atelier_Soldina_Fuhr_Tiflis2-768x512.jpg 768w, https:\/\/in-tiflis.de\/wp-content\/uploads\/Atelier_Soldina_Fuhr_Tiflis2-1024x683.jpg 1024w, https:\/\/in-tiflis.de\/wp-content\/uploads\/Atelier_Soldina_Fuhr_Tiflis2-624x416.jpg 624w, https:\/\/in-tiflis.de\/wp-content\/uploads\/Atelier_Soldina_Fuhr_Tiflis2.jpg 1500w\" alt=\"Atelier_Soldina_Fuhr_Tiflis2\" width=\"337\" height=\"225\" \/><strong>sstellung im Rahmen des European Month of Photography (<a href=\"https:\/\/www.emop-berlin.eu\/de\/\" target=\"_blank\">EMOP<\/a>) in Berlin<\/strong><br \/>\n<strong> 28. Sept. \u2013 30. Okt. 2018<\/strong><\/p>\n<p>In der intimen Welt des eigenen Zuhauses \u2013 wo teils aus Tradition, teils aus materieller Notwendigkeit h\u00e4ufig mehrere Generationen leben \u2013 bleiben die Erinnerungen erhalten: Fotos zeigen adelige Vorfahren in vorsowjetischer Zeit, jung im Abchasien-Krieg verstorbene Schul\u2013kameraden, gl\u00fcckliche Brautpaare, Br\u00fcder, die vom Ausland aus die Familie ern\u00e4hren, in den USA lebende Enkelkinder. An fr\u00fcher erinnern aber auch die hochgesch\u00e4tzten M\u00f6bel aus l\u00e4ngst vergangener Zeit, russische B\u00fccher, der Bechstein-Fl\u00fcgel aus Berlin und immer wieder Ikonen.<\/p>\n<p>Zur <strong>Vernissage<\/strong> wird die georgische Sopranistin <strong>Kristina Gordadze<\/strong> aus Batumi am Schwarzen Meer Lieder aus Georgien f\u00fcr uns singen. Sie ist auf den <img loading=\"lazy\" decoding=\"async\" class=\"wp-image-1594 alignleft\" src=\"https:\/\/in-tiflis.de\/wp-content\/uploads\/Kristina-Gordadze.jpg\" sizes=\"(max-width: 155px) 100vw, 155px\" srcset=\"https:\/\/in-tiflis.de\/wp-content\/uploads\/Kristina-Gordadze.jpg 280w, https:\/\/in-tiflis.de\/wp-content\/uploads\/Kristina-Gordadze-150x150.jpg 150w\" alt=\"Kristina Gordadze\" width=\"155\" height=\"156\" \/>B\u00fchnen der Welt zu Hause und gibt regelm\u00e4\u00dfig Konzerte in Deutschland, den Niederlanden, Frankreich und anderen europ\u00e4ischen L\u00e4ndern, sowie in Russland und Georgien. F\u00fcr uns wird sie aus ihrem breit gef\u00e4cherten Repertoire Lieder w\u00e4hlen, die uns in das georgische Ambiente entf\u00fchren \u2013 passend zum Thema \u201eTiflis \u2013 Recalling the Past\u201c.<\/p>\n<hr \/>\n<h1><b>Tbilisi \u2013 Irkutsk<\/b><\/h1>\n<p><strong>Dienstag, 20. M\u00e4rz 2018, 19:00 \u2013 21:00 im <a href=\"https:\/\/www.salonirkutsk.com\/\" target=\"_blank\">Salon Irkutsk<\/a>, Isabellastra\u00dfe 4 in M\u00fcnchen.<\/strong><br \/>\n<img loading=\"lazy\" decoding=\"async\" class=\"wp-image-1563 alignleft\" src=\"https:\/\/in-tiflis.de\/wp-content\/uploads\/Fuhr-Tiflis-Irkutsk-300x214.jpg\" sizes=\"(max-width: 332px) 100vw, 332px\" srcset=\"https:\/\/in-tiflis.de\/wp-content\/uploads\/Fuhr-Tiflis-Irkutsk-300x214.jpg 300w, https:\/\/in-tiflis.de\/wp-content\/uploads\/Fuhr-Tiflis-Irkutsk-768x548.jpg 768w, https:\/\/in-tiflis.de\/wp-content\/uploads\/Fuhr-Tiflis-Irkutsk-624x445.jpg 624w, https:\/\/in-tiflis.de\/wp-content\/uploads\/Fuhr-Tiflis-Irkutsk.jpg 1000w\" alt=\"Fuhr-Tiflis-Irkutsk\" width=\"332\" height=\"237\" \/>Von Tiflis nach Irkutsk ist es weit, sehr weit \u2013 weiter als nach M\u00fcnchen, wo heute viele Georgier leben. Und wenn auch im Stadtbild immer noch manches an die siebzig Jahre erinnert, als Georgien Teil der Sowjetunion war, so ist doch \u00fcberall auch der Aufbruch nach Europa zu sp\u00fcren. Georgien sieht sich als \u201eBalkon Europas\u201c und kn\u00fcpft damit an seine Vorgeschichte an, als Jason das Goldene Vlies in Kolchis, dem heutigen Georgien, suchte. Ein faszinierendes Land mit wunderbaren Menschen.<br \/>\nWir zeigen Fotos mit Stra\u00dfenszenen aus Tiflis.<br \/>\nWer hinter die Kulissen schauen will, findet an der Theke das Buch von Lisa Fuhr zur Ansicht und zum Erwerb: \u201eTiflis \u2013 Leben in einer neuen Zeit. 34 Portr\u00e4ts\u201c.<br \/>\nZur Feier des Tages wird es georgischen Ros\u00e9 zum Vorzugspreis von 3,50\u20ac geben. Kommt also gerne fr\u00fch, denn unser Vorrat ist leider nur begrenzt.<\/p>\n<hr \/>\n<p><img loading=\"lazy\" decoding=\"async\" class=\"alignleft wp-image-1548\" src=\"https:\/\/in-tiflis.de\/wp-content\/uploads\/Tiflis-Blick-vom-Cafe\u0301.jpg\" sizes=\"(max-width: 183px) 100vw, 183px\" srcset=\"https:\/\/in-tiflis.de\/wp-content\/uploads\/Tiflis-Blick-vom-Cafe\u0301.jpg 334w, https:\/\/in-tiflis.de\/wp-content\/uploads\/Tiflis-Blick-vom-Cafe\u0301-200x300.jpg 200w\" alt=\"Tiflis Blick vom Cafe\u0301\" width=\"174\" height=\"260\" \/><\/p>\n<p><img loading=\"lazy\" decoding=\"async\" class=\"alignright wp-image-1552\" src=\"https:\/\/in-tiflis.de\/wp-content\/uploads\/Pushkin-Boulevard.jpg\" sizes=\"(max-width: 377px) 100vw, 377px\" srcset=\"https:\/\/in-tiflis.de\/wp-content\/uploads\/Pushkin-Boulevard.jpg 500w, https:\/\/in-tiflis.de\/wp-content\/uploads\/Pushkin-Boulevard-300x200.jpg 300w\" alt=\"Pushkin Boulevard\" width=\"390\" height=\"260\" \/><\/p>\n<h1><b>Tiflis \u2013 Public Spaces<\/b><\/h1>\n<p>zwischen sozialistischem Charme, alter Pracht und modernem Leben<br \/>\nFotografien von Lisa Fuhr<br \/>\n<strong>am 25. April 2017 von 17 bis 21 Uhr<\/strong> Ausstellung bei georgischem Wein<br \/>\nim Atelier Heike Ratfisch M\u00fcnchen, St.-Anna-Stra\u00dfe 6<\/p>\n<hr \/>\n<p><strong><em>Preview: November 3,\u00a0 2016, 6 pm<\/em><\/strong> &#8211; Opening of the exhibition <em><strong>Tiflis &#8211; Life in a New Era<\/strong><\/em>\u00a0 at the <em><a href=\"http:\/\/www.stabi-hb.de\/\" target=\"_blank\">Stadtbibliothek Bremen<\/a><\/em> in cooperation with the <em><a href=\"http:\/\/www.globale-literaturfestival.de\/\" target=\"_blank\">globale\u00b0 Literaturfestival<\/a><br \/>\nvenue: Wall-Saal of the Zentralbibliothek<br \/>\nAm Wall 201, 28195 Bremen<br \/>\nuntil December 3, 2016<\/em><br \/>\n<em>Mo, Tue, Fri\u00a0 10 am to 7 pm, Wed 1 pm to 7 pm, Thu 9 am to 8 pm, Sa 10 am to 4 pm<\/em><\/p>\n<hr \/>\n<p><strong>September 16, 2016, 7 pm<\/strong> &#8211; opening of the exhibition <strong>Tiflis &#8211; Life in a New Era<\/strong> at the <a href=\"http:\/\/www.ebw-regensburg.de\/\" target=\"_blank\">Evangelisches Bildungswerk<\/a> Regensburg<br \/>\nexhibition until October 11,\u00a0 daily 8 am until 8 pm. Wed and Thu only until 6 pm.<br \/>\nas part of the series of events &#8220;Georgien &#8211; Einblicke in ein faszinierendes Land&#8221; (&#8220;Georgia &#8211; Insights into a Fascinating Country&#8221;)<br \/>\nvenue: Melanchthonsaal, Alumneum 1. OG, Am \u00d6lberg 2, 93047 Regensburg<br \/>\nadmission is free<\/p>\n<hr \/>\n<p><strong>September 12 and 13, 2015, Corso Leopold in Munich<\/strong><\/p>\n<p>Corso Leopold is a Streetlife Festival in Munich with about 360,000 visitors in two days. In the &#8220;cultural section&#8221; we presented both the exhibition <strong><em>Tiflis &#8211; Life in a New Era<\/em><\/strong> and information on the <em><strong><a href=\"http:\/\/artistbooks.de\/blog\/about-the-archive\/\" target=\"_blank\">Archive Artist Books<\/a><\/strong><\/em> of Hubert Kretschmer. We had many interesting conversations and encounters. On Saturday alone seven Georgians we had not met up to then happened to drop in.<\/p>\n\r\n\t\t<style type='text\/css'>\r\n\t\t\t#gallery-1 {\r\n\t\t\t\tmargin: auto;\r\n\t\t\t}\r\n\t\t\t#gallery-1 .gallery-item {\r\n\t\t\t\tfloat: left;\r\n\t\t\t\tmargin-top: 10px;\r\n\t\t\t\ttext-align: center;\r\n\t\t\t\twidth: 33%;\r\n\t\t\t}\r\n\t\t\t#gallery-1 img {\r\n\t\t\t\tborder: 2px solid #cfcfcf;\r\n\t\t\t}\r\n\t\t\t#gallery-1 .gallery-caption {\r\n\t\t\t\tmargin-left: 0;\r\n\t\t\t}\r\n\t\t<\/style>\r\n\t\t<!-- see gallery_shortcode() in wp-includes\/media.php -->\n\t\t<div id='gallery-1' class='gallery galleryid-1186 gallery-columns-3 gallery-size-thumbnail gallery1'><script type=\"text\/javascript\">\r\n\/\/ <![CDATA[\r\n\tjQuery(document).ready(function () {\r\n\t\tjQuery(\".gallery1 a\").attr(\"rel\",\"gallery1\");\t\r\n\t\tjQuery('a[rel=\"gallery1\"]').colorbox({maxWidth:\"95%\", maxHeight:\"95%\",title: function(){ return jQuery(this).children().attr(\"alt\"); }, });\r\n\t});\r\n\/\/ ]]>\r\n<\/script>\n<dl class=\"gallery-item\">\n<dt class=\"gallery-icon\">\r\n<a href=\"https:\/\/in-tiflis.de\/wp-content\/uploads\/IMG_0298-web.jpg\" title=\"\" rel=\"gallery1\"><img loading=\"lazy\" decoding=\"async\" src=\"https:\/\/in-tiflis.de\/wp-content\/uploads\/IMG_0298-web-150x150.jpg\" width=\"150\" height=\"150\" alt=\"\" \/><\/a>\r\n<\/dt><\/dl><dl class=\"gallery-item\">\n<dt class=\"gallery-icon\">\r\n<a href=\"https:\/\/in-tiflis.de\/wp-content\/uploads\/IMG_0310-web.jpg\" title=\"\" rel=\"gallery1\"><img loading=\"lazy\" decoding=\"async\" src=\"https:\/\/in-tiflis.de\/wp-content\/uploads\/IMG_0310-web-150x150.jpg\" width=\"150\" height=\"150\" alt=\"\" \/><\/a>\r\n<\/dt><\/dl><dl class=\"gallery-item\">\n<dt class=\"gallery-icon\">\r\n<a href=\"https:\/\/in-tiflis.de\/wp-content\/uploads\/IMG_0305-web.jpg\" title=\"\" rel=\"gallery1\"><img loading=\"lazy\" decoding=\"async\" src=\"https:\/\/in-tiflis.de\/wp-content\/uploads\/IMG_0305-web-150x150.jpg\" width=\"150\" height=\"150\" alt=\"\" \/><\/a>\r\n<\/dt><\/dl><br style=\"clear: both\" \/><dl class=\"gallery-item\">\n<dt class=\"gallery-icon\">\r\n<a href=\"https:\/\/in-tiflis.de\/wp-content\/uploads\/IMG_0311-web.jpg\" title=\"\" rel=\"gallery1\"><img loading=\"lazy\" decoding=\"async\" src=\"https:\/\/in-tiflis.de\/wp-content\/uploads\/IMG_0311-web-150x150.jpg\" width=\"150\" height=\"150\" alt=\"\" \/><\/a>\r\n<\/dt><\/dl><dl class=\"gallery-item\">\n<dt class=\"gallery-icon\">\r\n<a href=\"https:\/\/in-tiflis.de\/wp-content\/uploads\/IMG_0306-web.jpg\" title=\"\" rel=\"gallery1\"><img loading=\"lazy\" decoding=\"async\" src=\"https:\/\/in-tiflis.de\/wp-content\/uploads\/IMG_0306-web-150x150.jpg\" width=\"150\" height=\"150\" alt=\"\" \/><\/a>\r\n<\/dt><\/dl><dl class=\"gallery-item\">\n<dt class=\"gallery-icon\">\r\n<a href=\"https:\/\/in-tiflis.de\/wp-content\/uploads\/IMG_0304-web.jpg\" title=\"\" rel=\"gallery1\"><img loading=\"lazy\" decoding=\"async\" src=\"https:\/\/in-tiflis.de\/wp-content\/uploads\/IMG_0304-web-150x150.jpg\" width=\"150\" height=\"150\" alt=\"\" \/><\/a>\r\n<\/dt><\/dl><br style=\"clear: both\" \/><dl class=\"gallery-item\">\n<dt class=\"gallery-icon\">\r\n<a href=\"https:\/\/in-tiflis.de\/wp-content\/uploads\/IMG_0314-web.jpg\" title=\"\" rel=\"gallery1\"><img loading=\"lazy\" decoding=\"async\" src=\"https:\/\/in-tiflis.de\/wp-content\/uploads\/IMG_0314-web-150x150.jpg\" width=\"150\" height=\"150\" alt=\"\" \/><\/a>\r\n<\/dt><\/dl>\r\n\t\t\t<br style='clear: both' \/>\r\n\t\t<\/div>\n\n<hr \/>\n<p><strong>June 26 until August 08 2015, exhibition in Saarbr\u00fccken<\/strong><\/p>\n<p>On June 26 the photo exhibition <em>Tbilisi &#8211;<\/em> <em>Life in a New Era<\/em> by Lisa Fuhr opened in the historical Hauberrisser-Saal of the Saarbr\u00fccken Townhall. On June 28 Saarbr\u00fccken celebrated the anniversaries of the partnerships of the three cities: Nantes 50 years and Tbilisi 40 years.<\/p>\n\r\n\t\t<style type='text\/css'>\r\n\t\t\t#gallery-2 {\r\n\t\t\t\tmargin: auto;\r\n\t\t\t}\r\n\t\t\t#gallery-2 .gallery-item {\r\n\t\t\t\tfloat: left;\r\n\t\t\t\tmargin-top: 10px;\r\n\t\t\t\ttext-align: center;\r\n\t\t\t\twidth: 33%;\r\n\t\t\t}\r\n\t\t\t#gallery-2 img {\r\n\t\t\t\tborder: 2px solid #cfcfcf;\r\n\t\t\t}\r\n\t\t\t#gallery-2 .gallery-caption {\r\n\t\t\t\tmargin-left: 0;\r\n\t\t\t}\r\n\t\t<\/style>\r\n\t\t<!-- see gallery_shortcode() in wp-includes\/media.php -->\n\t\t<div id='gallery-2' class='gallery galleryid-1186 gallery-columns-3 gallery-size-thumbnail gallery1'><script type=\"text\/javascript\">\r\n\/\/ <![CDATA[\r\n\tjQuery(document).ready(function () {\r\n\t\tjQuery(\".gallery1 a\").attr(\"rel\",\"gallery1\");\t\r\n\t\tjQuery('a[rel=\"gallery1\"]').colorbox({maxWidth:\"95%\", maxHeight:\"95%\",title: function(){ return jQuery(this).children().attr(\"alt\"); }, });\r\n\t});\r\n\/\/ ]]>\r\n<\/script>\n<dl class=\"gallery-item\">\n<dt class=\"gallery-icon\">\r\n<a href=\"https:\/\/in-tiflis.de\/wp-content\/uploads\/DSCF7275-web.jpg\" title=\"Aufbau der Ausstellung im historischen Hauberisser-Saal\" rel=\"gallery1\"><img loading=\"lazy\" decoding=\"async\" src=\"https:\/\/in-tiflis.de\/wp-content\/uploads\/DSCF7275-web-150x150.jpg\" width=\"150\" height=\"150\" alt=\"Aufbau der Ausstellung im historischen Hauberisser-Saal\" \/><\/a>\r\n<\/dt><dd class=\"gallery-caption\" id=\"caption1817\"><span class=\"imagecaption\">Aufbau der Ausstellung im historischen Hauberisser-Saal<\/span><br \/>\n<\/dd><\/dl><dl class=\"gallery-item\">\n<dt class=\"gallery-icon\">\r\n<a href=\"https:\/\/in-tiflis.de\/wp-content\/uploads\/DSCF7276-web.jpg\" title=\"\" rel=\"gallery1\"><img loading=\"lazy\" decoding=\"async\" src=\"https:\/\/in-tiflis.de\/wp-content\/uploads\/DSCF7276-web-150x150.jpg\" width=\"150\" height=\"150\" alt=\"\" \/><\/a>\r\n<\/dt><\/dl><dl class=\"gallery-item\">\n<dt class=\"gallery-icon\">\r\n<a href=\"https:\/\/in-tiflis.de\/wp-content\/uploads\/DSCF7278-web.jpg\" title=\"\" rel=\"gallery1\"><img loading=\"lazy\" decoding=\"async\" src=\"https:\/\/in-tiflis.de\/wp-content\/uploads\/DSCF7278-web-150x150.jpg\" width=\"150\" height=\"150\" alt=\"\" \/><\/a>\r\n<\/dt><\/dl><br style=\"clear: both\" \/><dl class=\"gallery-item\">\n<dt class=\"gallery-icon\">\r\n<a href=\"https:\/\/in-tiflis.de\/wp-content\/uploads\/DSCF7293-web.jpg\" title=\"\" rel=\"gallery1\"><img loading=\"lazy\" decoding=\"async\" src=\"https:\/\/in-tiflis.de\/wp-content\/uploads\/DSCF7293-web-150x150.jpg\" width=\"150\" height=\"150\" alt=\"\" \/><\/a>\r\n<\/dt><\/dl><dl class=\"gallery-item\">\n<dt class=\"gallery-icon\">\r\n<a href=\"https:\/\/in-tiflis.de\/wp-content\/uploads\/DSCF7294-web.jpg\" title=\"Festsaal des Rathauses\" rel=\"gallery1\"><img loading=\"lazy\" decoding=\"async\" src=\"https:\/\/in-tiflis.de\/wp-content\/uploads\/DSCF7294-web-150x150.jpg\" width=\"150\" height=\"150\" alt=\"Festsaal des Rathauses\" \/><\/a>\r\n<\/dt><dd class=\"gallery-caption\" id=\"caption1821\"><span class=\"imagecaption\">Festsaal des Rathauses<\/span><br \/>\n<\/dd><\/dl><dl class=\"gallery-item\">\n<dt class=\"gallery-icon\">\r\n<a href=\"https:\/\/in-tiflis.de\/wp-content\/uploads\/DSCF7299-web.jpg\" title=\"Oberb\u00fcrgermeisterin von Saarbr\u00fccken Charlotte Britz \" rel=\"gallery1\"><img loading=\"lazy\" decoding=\"async\" src=\"https:\/\/in-tiflis.de\/wp-content\/uploads\/DSCF7299-web-150x150.jpg\" width=\"150\" height=\"150\" alt=\"Oberb\u00fcrgermeisterin von Saarbr\u00fccken Charlotte Britz \" \/><\/a>\r\n<\/dt><dd class=\"gallery-caption\" id=\"caption1822\"><span class=\"imagecaption\">Oberb\u00fcrgermeisterin von Saarbr\u00fccken Charlotte Britz <\/span><br \/>\n<\/dd><\/dl><br style=\"clear: both\" \/><dl class=\"gallery-item\">\n<dt class=\"gallery-icon\">\r\n<a href=\"https:\/\/in-tiflis.de\/wp-content\/uploads\/DSCF7300-web.jpg\" title=\"Stellvertretende B\u00fcrgermeisterin von Tiflis Nino Khatiskatsi\" rel=\"gallery1\"><img loading=\"lazy\" decoding=\"async\" src=\"https:\/\/in-tiflis.de\/wp-content\/uploads\/DSCF7300-web-150x150.jpg\" width=\"150\" height=\"150\" alt=\"Stellvertretende B\u00fcrgermeisterin von Tiflis Nino Khatiskatsi\" \/><\/a>\r\n<\/dt><dd class=\"gallery-caption\" id=\"caption1823\"><span class=\"imagecaption\">Stellvertretende B\u00fcrgermeisterin von Tiflis Nino Khatiskatsi<\/span><br \/>\n<\/dd><\/dl><dl class=\"gallery-item\">\n<dt class=\"gallery-icon\">\r\n<a href=\"https:\/\/in-tiflis.de\/wp-content\/uploads\/DSCF7304-web.jpg\" title=\"Lisa Fuhr stellt die Ausstellung vor\" rel=\"gallery1\"><img loading=\"lazy\" decoding=\"async\" src=\"https:\/\/in-tiflis.de\/wp-content\/uploads\/DSCF7304-web-150x150.jpg\" width=\"150\" height=\"150\" alt=\"Lisa Fuhr stellt die Ausstellung vor\" \/><\/a>\r\n<\/dt><dd class=\"gallery-caption\" id=\"caption1825\"><span class=\"imagecaption\">Lisa Fuhr stellt die Ausstellung vor<\/span><br \/>\n<\/dd><\/dl><dl class=\"gallery-item\">\n<dt class=\"gallery-icon\">\r\n<a href=\"https:\/\/in-tiflis.de\/wp-content\/uploads\/DSCF7309-web.jpg\" title=\"B\u00fcrgermeiserin Charlotte Britz und Lisa Fuhr\" rel=\"gallery1\"><img loading=\"lazy\" decoding=\"async\" src=\"https:\/\/in-tiflis.de\/wp-content\/uploads\/DSCF7309-web-150x150.jpg\" width=\"150\" height=\"150\" alt=\"B\u00fcrgermeiserin Charlotte Britz und Lisa Fuhr\" \/><\/a>\r\n<\/dt><dd class=\"gallery-caption\" id=\"caption1826\"><span class=\"imagecaption\">B\u00fcrgermeiserin Charlotte Britz und Lisa Fuhr<\/span><br \/>\n<\/dd><\/dl><br style=\"clear: both\" \/><dl class=\"gallery-item\">\n<dt class=\"gallery-icon\">\r\n<a href=\"https:\/\/in-tiflis.de\/wp-content\/uploads\/DSCF7312-web.jpg\" title=\"\" rel=\"gallery1\"><img loading=\"lazy\" decoding=\"async\" src=\"https:\/\/in-tiflis.de\/wp-content\/uploads\/DSCF7312-web-150x150.jpg\" width=\"150\" height=\"150\" alt=\"\" \/><\/a>\r\n<\/dt><\/dl><dl class=\"gallery-item\">\n<dt class=\"gallery-icon\">\r\n<a href=\"https:\/\/in-tiflis.de\/wp-content\/uploads\/DSCF7314-web.jpg\" title=\"Die &quot;Jungen Botschafter&quot; von Tiflis, Nantes und Saarbr\u00fccken\" rel=\"gallery1\"><img loading=\"lazy\" decoding=\"async\" src=\"https:\/\/in-tiflis.de\/wp-content\/uploads\/DSCF7314-web-150x150.jpg\" width=\"150\" height=\"150\" alt=\"Die &quot;Jungen Botschafter&quot; von Tiflis, Nantes und Saarbr\u00fccken\" \/><\/a>\r\n<\/dt><dd class=\"gallery-caption\" id=\"caption1828\"><span class=\"imagecaption\">Die \"Jungen Botschafter\" von Tiflis, Nantes und Saarbr\u00fccken<\/span><br \/>\n<\/dd><\/dl><dl class=\"gallery-item\">\n<dt class=\"gallery-icon\">\r\n<a href=\"https:\/\/in-tiflis.de\/wp-content\/uploads\/DSCF7320-web.jpg\" title=\"\" rel=\"gallery1\"><img loading=\"lazy\" decoding=\"async\" src=\"https:\/\/in-tiflis.de\/wp-content\/uploads\/DSCF7320-web-150x150.jpg\" width=\"150\" height=\"150\" alt=\"\" \/><\/a>\r\n<\/dt><\/dl><br style=\"clear: both\" \/><dl class=\"gallery-item\">\n<dt class=\"gallery-icon\">\r\n<a href=\"https:\/\/in-tiflis.de\/wp-content\/uploads\/DSCF7322-web.jpg\" title=\"\" rel=\"gallery1\"><img loading=\"lazy\" decoding=\"async\" src=\"https:\/\/in-tiflis.de\/wp-content\/uploads\/DSCF7322-web-150x150.jpg\" width=\"150\" height=\"150\" alt=\"\" \/><\/a>\r\n<\/dt><\/dl><dl class=\"gallery-item\">\n<dt class=\"gallery-icon\">\r\n<a href=\"https:\/\/in-tiflis.de\/wp-content\/uploads\/DSCF7333-web.jpg\" title=\"\" rel=\"gallery1\"><img loading=\"lazy\" decoding=\"async\" src=\"https:\/\/in-tiflis.de\/wp-content\/uploads\/DSCF7333-web-150x150.jpg\" width=\"150\" height=\"150\" alt=\"\" \/><\/a>\r\n<\/dt><\/dl><dl class=\"gallery-item\">\n<dt class=\"gallery-icon\">\r\n<a href=\"https:\/\/in-tiflis.de\/wp-content\/uploads\/DSCF7332-web.jpg\" title=\"\" rel=\"gallery1\"><img loading=\"lazy\" decoding=\"async\" src=\"https:\/\/in-tiflis.de\/wp-content\/uploads\/DSCF7332-web-150x150.jpg\" width=\"150\" height=\"150\" alt=\"\" \/><\/a>\r\n<\/dt><\/dl><br style=\"clear: both\" \/><dl class=\"gallery-item\">\n<dt class=\"gallery-icon\">\r\n<a href=\"https:\/\/in-tiflis.de\/wp-content\/uploads\/DSCF7329-web.jpg\" title=\"\" rel=\"gallery1\"><img loading=\"lazy\" decoding=\"async\" src=\"https:\/\/in-tiflis.de\/wp-content\/uploads\/DSCF7329-web-150x150.jpg\" width=\"150\" height=\"150\" alt=\"\" \/><\/a>\r\n<\/dt><\/dl><dl class=\"gallery-item\">\n<dt class=\"gallery-icon\">\r\n<a href=\"https:\/\/in-tiflis.de\/wp-content\/uploads\/DSCF7346-web.jpg\" title=\"Vor dem Rathaus in Erwartung der Festlichkeit\" rel=\"gallery1\"><img loading=\"lazy\" decoding=\"async\" src=\"https:\/\/in-tiflis.de\/wp-content\/uploads\/DSCF7346-web-150x150.jpg\" width=\"150\" height=\"150\" alt=\"Vor dem Rathaus in Erwartung der Festlichkeit\" \/><\/a>\r\n<\/dt><dd class=\"gallery-caption\" id=\"caption1831\"><span class=\"imagecaption\">Vor dem Rathaus in Erwartung der Festlichkeit<\/span><br \/>\n<\/dd><\/dl><dl class=\"gallery-item\">\n<dt class=\"gallery-icon\">\r\n<a href=\"https:\/\/in-tiflis.de\/wp-content\/uploads\/DSCF7348-web.jpg\" title=\"Tri-nationaler Frauenchor\" rel=\"gallery1\"><img loading=\"lazy\" decoding=\"async\" src=\"https:\/\/in-tiflis.de\/wp-content\/uploads\/DSCF7348-web-150x150.jpg\" width=\"150\" height=\"150\" alt=\"Tri-nationaler Frauenchor\" \/><\/a>\r\n<\/dt><dd class=\"gallery-caption\" id=\"caption1832\"><span class=\"imagecaption\">Tri-nationaler Frauenchor<\/span><br \/>\n<\/dd><\/dl><br style=\"clear: both\" \/><dl class=\"gallery-item\">\n<dt class=\"gallery-icon\">\r\n<a href=\"https:\/\/in-tiflis.de\/wp-content\/uploads\/DSCF7353-web.jpg\" title=\"W\u00e4hrend der Chordarbietungen und der Ansprachen\" rel=\"gallery1\"><img loading=\"lazy\" decoding=\"async\" src=\"https:\/\/in-tiflis.de\/wp-content\/uploads\/DSCF7353-web-150x150.jpg\" width=\"150\" height=\"150\" alt=\"W\u00e4hrend der Chordarbietungen und der Ansprachen\" \/><\/a>\r\n<\/dt><dd class=\"gallery-caption\" id=\"caption1833\"><span class=\"imagecaption\">W\u00e4hrend der Chordarbietungen und der Ansprachen<\/span><br \/>\n<\/dd><\/dl><dl class=\"gallery-item\">\n<dt class=\"gallery-icon\">\r\n<a href=\"https:\/\/in-tiflis.de\/wp-content\/uploads\/DSCF7359-web.jpg\" title=\"B\u00fcrgermeisterin Charlotte Britz und die Chevaliers Bretvins\" rel=\"gallery1\"><img loading=\"lazy\" decoding=\"async\" src=\"https:\/\/in-tiflis.de\/wp-content\/uploads\/DSCF7359-web-150x150.jpg\" width=\"150\" height=\"150\" alt=\"B\u00fcrgermeisterin Charlotte Britz und die Chevaliers Bretvins\" \/><\/a>\r\n<\/dt><dd class=\"gallery-caption\" id=\"caption1834\"><span class=\"imagecaption\">B\u00fcrgermeisterin Charlotte Britz und die Chevaliers Bretvins<\/span><br \/>\n<\/dd><\/dl><dl class=\"gallery-item\">\n<dt class=\"gallery-icon\">\r\n<a href=\"https:\/\/in-tiflis.de\/wp-content\/uploads\/DSCF7365-web.jpg\" title=\"\" rel=\"gallery1\"><img loading=\"lazy\" decoding=\"async\" src=\"https:\/\/in-tiflis.de\/wp-content\/uploads\/DSCF7365-web-150x150.jpg\" width=\"150\" height=\"150\" alt=\"\" \/><\/a>\r\n<\/dt><\/dl><br style=\"clear: both\" \/>\r\n\t\t<\/div>\n\n<hr \/>\n<p><strong>26. Februar 2015<\/strong>, <strong>19 Uhr<\/strong><br \/>\nOpening fo the exhibition and presentation of the book <em>Tiflis &#8211; Life in a New Era. 34 Portraits<\/em><br \/>\nin <strong><a href=\"https:\/\/www.facebook.com\/lostweekendmuenchen\" target=\"_blank\">LOST WEEKEND<\/a>, bookshop and vegan caf\u00e9<\/strong><br \/>\nSchellingstr. 3, 80799 M\u00fcnchen<\/p>\n<p><span class=\"fsl\"><strong>Ein Gespr\u00e4ch mit<\/strong><br \/>\n<em>Lisa Fuhr<\/em>, Fotografin und Autorin<br \/>\n<em>Manana Palagashvili<\/em>, Nichte von Marine Solomonishvili (im Buch portr\u00e4tiert)<br \/>\n<em>Hubert Kretschmer<\/em>, Verleger icon Verlag<br \/>\n<em>Johannes Bissinger<\/em>, Gestalter<br \/>\n<em>Doris Behr<\/em> und <em>Manana Samushia<\/em>, Kultour-Kontor<br \/>\nAuftritt des Klangk\u00fcnstlers <em>Friedemann von Rechenberg<\/em><\/span><\/p>\n\r\n\t\t<style type='text\/css'>\r\n\t\t\t#gallery-3 {\r\n\t\t\t\tmargin: auto;\r\n\t\t\t}\r\n\t\t\t#gallery-3 .gallery-item {\r\n\t\t\t\tfloat: left;\r\n\t\t\t\tmargin-top: 10px;\r\n\t\t\t\ttext-align: center;\r\n\t\t\t\twidth: 33%;\r\n\t\t\t}\r\n\t\t\t#gallery-3 img {\r\n\t\t\t\tborder: 2px solid #cfcfcf;\r\n\t\t\t}\r\n\t\t\t#gallery-3 .gallery-caption {\r\n\t\t\t\tmargin-left: 0;\r\n\t\t\t}\r\n\t\t<\/style>\r\n\t\t<!-- see gallery_shortcode() in wp-includes\/media.php -->\n\t\t<div id='gallery-3' class='gallery galleryid-1186 gallery-columns-3 gallery-size-thumbnail gallery1'><script type=\"text\/javascript\">\r\n\/\/ <![CDATA[\r\n\tjQuery(document).ready(function () {\r\n\t\tjQuery(\".gallery1 a\").attr(\"rel\",\"gallery1\");\t\r\n\t\tjQuery('a[rel=\"gallery1\"]').colorbox({maxWidth:\"95%\", maxHeight:\"95%\",title: function(){ return jQuery(this).children().attr(\"alt\"); }, });\r\n\t});\r\n\/\/ ]]>\r\n<\/script>\n<dl class=\"gallery-item\">\n<dt class=\"gallery-icon\">\r\n<a href=\"https:\/\/in-tiflis.de\/wp-content\/uploads\/DSCF6129-web-e1424547424528.jpg\" title=\"\" rel=\"gallery1\"><img loading=\"lazy\" decoding=\"async\" src=\"https:\/\/in-tiflis.de\/wp-content\/uploads\/DSCF6129-web-150x150.jpg\" width=\"150\" height=\"150\" alt=\"\" \/><\/a>\r\n<\/dt><\/dl><dl class=\"gallery-item\">\n<dt class=\"gallery-icon\">\r\n<a href=\"https:\/\/in-tiflis.de\/wp-content\/uploads\/DSCF6120-web-e1424547387939.jpg\" title=\"\" rel=\"gallery1\"><img loading=\"lazy\" decoding=\"async\" src=\"https:\/\/in-tiflis.de\/wp-content\/uploads\/DSCF6120-web-150x150.jpg\" width=\"150\" height=\"150\" alt=\"\" \/><\/a>\r\n<\/dt><\/dl><dl class=\"gallery-item\">\n<dt class=\"gallery-icon\">\r\n<a href=\"https:\/\/in-tiflis.de\/wp-content\/uploads\/DSCF6138-web-e1424547414361.jpg\" title=\"\" rel=\"gallery1\"><img loading=\"lazy\" decoding=\"async\" src=\"https:\/\/in-tiflis.de\/wp-content\/uploads\/DSCF6138-web-150x150.jpg\" width=\"150\" height=\"150\" alt=\"\" \/><\/a>\r\n<\/dt><\/dl><br style=\"clear: both\" \/><dl class=\"gallery-item\">\n<dt class=\"gallery-icon\">\r\n<a href=\"https:\/\/in-tiflis.de\/wp-content\/uploads\/DSCF6165-web.jpg\" title=\"\" rel=\"gallery1\"><img loading=\"lazy\" decoding=\"async\" src=\"https:\/\/in-tiflis.de\/wp-content\/uploads\/DSCF6165-web-150x150.jpg\" width=\"150\" height=\"150\" alt=\"\" \/><\/a>\r\n<\/dt><\/dl><dl class=\"gallery-item\">\n<dt class=\"gallery-icon\">\r\n<a href=\"https:\/\/in-tiflis.de\/wp-content\/uploads\/DSCF6159-web.jpg\" title=\"\" rel=\"gallery1\"><img loading=\"lazy\" decoding=\"async\" src=\"https:\/\/in-tiflis.de\/wp-content\/uploads\/DSCF6159-web-150x150.jpg\" width=\"150\" height=\"150\" alt=\"\" \/><\/a>\r\n<\/dt><\/dl><dl class=\"gallery-item\">\n<dt class=\"gallery-icon\">\r\n<a href=\"https:\/\/in-tiflis.de\/wp-content\/uploads\/DSCF6174-web.jpg\" title=\"\" rel=\"gallery1\"><img loading=\"lazy\" decoding=\"async\" src=\"https:\/\/in-tiflis.de\/wp-content\/uploads\/DSCF6174-web-150x150.jpg\" width=\"150\" height=\"150\" alt=\"\" \/><\/a>\r\n<\/dt><\/dl><br style=\"clear: both\" \/><dl class=\"gallery-item\">\n<dt class=\"gallery-icon\">\r\n<a href=\"https:\/\/in-tiflis.de\/wp-content\/uploads\/DSCF6172-web.jpg\" title=\"\" rel=\"gallery1\"><img loading=\"lazy\" decoding=\"async\" src=\"https:\/\/in-tiflis.de\/wp-content\/uploads\/DSCF6172-web-150x150.jpg\" width=\"150\" height=\"150\" alt=\"\" \/><\/a>\r\n<\/dt><\/dl><dl class=\"gallery-item\">\n<dt class=\"gallery-icon\">\r\n<a href=\"https:\/\/in-tiflis.de\/wp-content\/uploads\/DSCF6179-web.jpg\" title=\"\" rel=\"gallery1\"><img loading=\"lazy\" decoding=\"async\" src=\"https:\/\/in-tiflis.de\/wp-content\/uploads\/DSCF6179-web-150x150.jpg\" width=\"150\" height=\"150\" alt=\"\" \/><\/a>\r\n<\/dt><\/dl>\r\n\t\t\t<br style='clear: both' \/>\r\n\t\t<\/div>\n\n<hr \/>\n<p><strong>August 11, 2014<br \/>\n<\/strong>On the occasion of the Munich premiere of <em><strong>In Bloom<\/strong><\/em> by Nana Ekvtimishvili and Simon Gro\u00df at the ARENA Kino, portraits from the exhibition <em><strong>Tiflis \u2013 Life in a New Era<\/strong><\/em> are being shown, the selection focussing on the protagonists belonging to the same generation as the two young women in the film.<\/p>\n\r\n\t\t<style type='text\/css'>\r\n\t\t\t#gallery-4 {\r\n\t\t\t\tmargin: auto;\r\n\t\t\t}\r\n\t\t\t#gallery-4 .gallery-item {\r\n\t\t\t\tfloat: left;\r\n\t\t\t\tmargin-top: 10px;\r\n\t\t\t\ttext-align: center;\r\n\t\t\t\twidth: 33%;\r\n\t\t\t}\r\n\t\t\t#gallery-4 img {\r\n\t\t\t\tborder: 2px solid #cfcfcf;\r\n\t\t\t}\r\n\t\t\t#gallery-4 .gallery-caption {\r\n\t\t\t\tmargin-left: 0;\r\n\t\t\t}\r\n\t\t<\/style>\r\n\t\t<!-- see gallery_shortcode() in wp-includes\/media.php -->\n\t\t<div id='gallery-4' class='gallery galleryid-1186 gallery-columns-3 gallery-size-thumbnail gallery1'><script type=\"text\/javascript\">\r\n\/\/ <![CDATA[\r\n\tjQuery(document).ready(function () {\r\n\t\tjQuery(\".gallery1 a\").attr(\"rel\",\"gallery1\");\t\r\n\t\tjQuery('a[rel=\"gallery1\"]').colorbox({maxWidth:\"95%\", maxHeight:\"95%\",title: function(){ return jQuery(this).children().attr(\"alt\"); }, });\r\n\t});\r\n\/\/ ]]>\r\n<\/script>\n<dl class=\"gallery-item\">\n<dt class=\"gallery-icon\">\r\n<a href=\"https:\/\/in-tiflis.de\/wp-content\/uploads\/IMG_9723-web.jpg\" title=\"With film director Simon Gross\" rel=\"gallery1\"><img loading=\"lazy\" decoding=\"async\" src=\"https:\/\/in-tiflis.de\/wp-content\/uploads\/IMG_9723-web-150x150.jpg\" width=\"150\" height=\"150\" alt=\"With film director Simon Gross\" \/><\/a>\r\n<\/dt><dd class=\"gallery-caption\" id=\"caption1804\"><span class=\"imagecaption\">With film director Simon Gross<\/span><br \/>\n<\/dd><\/dl><dl class=\"gallery-item\">\n<dt class=\"gallery-icon\">\r\n<a href=\"https:\/\/in-tiflis.de\/wp-content\/uploads\/IMG_9722-web.jpg\" title=\"\" rel=\"gallery1\"><img loading=\"lazy\" decoding=\"async\" src=\"https:\/\/in-tiflis.de\/wp-content\/uploads\/IMG_9722-web-150x150.jpg\" width=\"150\" height=\"150\" alt=\"\" \/><\/a>\r\n<\/dt><\/dl><dl class=\"gallery-item\">\n<dt class=\"gallery-icon\">\r\n<a href=\"https:\/\/in-tiflis.de\/wp-content\/uploads\/9724-web.jpg\" title=\"\" rel=\"gallery1\"><img loading=\"lazy\" decoding=\"async\" src=\"https:\/\/in-tiflis.de\/wp-content\/uploads\/9724-web-150x150.jpg\" width=\"150\" height=\"150\" alt=\"\" \/><\/a>\r\n<\/dt><\/dl><br style=\"clear: both\" \/>\r\n\t\t<\/div>\n\n<hr \/>\n<p><strong>July 16, 2014<br \/>\n<\/strong>Book presentation at the <strong><span class=\"st\">American Association of University and Professional Women (Munich, Germany)<\/span><\/strong>:<\/p>\n<p><img loading=\"lazy\" decoding=\"async\" class=\"alignleft size-medium wp-image-1138\" src=\"https:\/\/in-tiflis.de\/wp-content\/uploads\/AAUPW-1-300x128.jpg\" alt=\"AAUPW-1\" width=\"300\" height=\"128\" srcset=\"https:\/\/in-tiflis.de\/wp-content\/uploads\/AAUPW-1-300x128.jpg 300w, https:\/\/in-tiflis.de\/wp-content\/uploads\/AAUPW-1.jpg 447w\" sizes=\"(max-width: 300px) 100vw, 300px\" \/><\/p>\n<p>&#8220;Lisa Fuhr spoke to the AAUPW about her most recent project and book, <strong><em>Tiflis \u2013 Leben in einer Neuen Zeit<\/em><\/strong> \/ <strong><em>Tbilisi \u2013 Life in a New Era<\/em><\/strong>. &#8230; It is based on her interviews and photographs of 34 Georgians from various social classes and religious and ethnic backgrounds. She tells the personal stories of how individuals have responded to the social and political changes in Georgia over the past 25 years. &#8230; Our audience was captivated by Lisa\u2019s personal sketches of how individuals in Georgia responded creatively to the challenges of their changing circumstances. &#8230; Her photographs bring us eye to eye with these remarkable people and raise our awareness and understanding of Georgia.&#8221; <em>(Laura Morgan, Program Committee, AAUPW)<\/em><\/p>\n","protected":false},"excerpt":{"rendered":"<p>Guest of Honour 2018: Georgia \u2013 Georgien, auf der Frankfurter Buchmesse 10.-14.10.2018 Unser Buch Tiflis. Tbilissi. \u10d7\u10d1\u10d8\u10da\u10d8\u10e1\u10d8 \u2014\u00a0 Leben in einer neuen Zeit sowie das so-VIELE Heft 46 sind dort vertreten im Rahmen von Books on Georgia. Publishers from all over the world are invited to present their current titles on the Guest of Honour [&hellip;]<\/p>\n","protected":false},"author":1,"featured_media":0,"parent":0,"menu_order":0,"comment_status":"closed","ping_status":"closed","template":"","meta":{"footnotes":""},"class_list":["post-1186","page","type-page","status-publish","hentry"],"_links":{"self":[{"href":"https:\/\/in-tiflis.de\/en\/wp-json\/wp\/v2\/pages\/1186"}],"collection":[{"href":"https:\/\/in-tiflis.de\/en\/wp-json\/wp\/v2\/pages"}],"about":[{"href":"https:\/\/in-tiflis.de\/en\/wp-json\/wp\/v2\/types\/page"}],"author":[{"embeddable":true,"href":"https:\/\/in-tiflis.de\/en\/wp-json\/wp\/v2\/users\/1"}],"replies":[{"embeddable":true,"href":"https:\/\/in-tiflis.de\/en\/wp-json\/wp\/v2\/comments?post=1186"}],"version-history":[{"count":40,"href":"https:\/\/in-tiflis.de\/en\/wp-json\/wp\/v2\/pages\/1186\/revisions"}],"predecessor-version":[{"id":1642,"href":"https:\/\/in-tiflis.de\/en\/wp-json\/wp\/v2\/pages\/1186\/revisions\/1642"}],"wp:attachment":[{"href":"https:\/\/in-tiflis.de\/en\/wp-json\/wp\/v2\/media?parent=1186"}],"curies":[{"name":"wp","href":"https:\/\/api.w.org\/{rel}","templated":true}]}}